{"id":8664,"date":"2020-01-15T11:16:34","date_gmt":"2020-01-15T10:16:34","guid":{"rendered":"https:\/\/trail-aneto.com\/?page_id=8664"},"modified":"2023-01-10T15:53:00","modified_gmt":"2023-01-10T14:53:00","slug":"info_inscripciones_gttap23","status":"publish","type":"page","link":"https:\/\/trail-aneto.com\/fr\/info_inscripciones_gttap23\/","title":{"rendered":"Informaci\u00f3n sobre inscripciones GTTAP23"},"content":{"rendered":"<section class=\"wpb-content-wrapper\"><div class=\"vc_row wpb_row vc_row-fluid edgtf-section edgtf-content-aligment-left edgtf-grid-section\" style=\"\"><div class=\"clearfix edgtf-section-inner\"><div class=\"edgtf-section-inner-margin clearfix\"><div class=\"wpb_column vc_column_container vc_col-sm-12\"><div class=\"vc_column-inner\"><div class=\"wpb_wrapper\">\n\t<div class=\"wpb_text_column wpb_content_element\" >\n\t\t<div class=\"wpb_wrapper\">\n\t\t\t<p><b>Calendario de apertura de inscripciones:<\/b><\/p>\n<table>\n<tbody>\n<tr>\n<td style=\"text-align: center;\"><\/td>\n<td style=\"text-align: center;\"><span style=\"color: #ff6600;\"><b>1er d\u00eda de inscripciones<\/b><\/span><\/td>\n<td style=\"text-align: center;\"><span style=\"color: #ff6600;\"><b>2\u00ba d\u00eda de inscripciones<\/b><\/span><\/td>\n<\/tr>\n<tr>\n<td><span style=\"color: #ff6600;\"><b>Great Trail Aneto-Posets\u00a0<\/b><\/span><\/td>\n<td><span style=\"font-weight: 400;\">Lunes 16 de enero a las 17:00h<br \/>\n(175 plazas)<\/span><\/td>\n<td><span style=\"font-weight: 400;\">Martes 17 de enero a las 12.00h<br \/>\n(175 plazas)<\/span><\/td>\n<\/tr>\n<tr>\n<td><span style=\"color: #ff6600;\"><b>Retour \u00e0 Aneto<\/b><\/span><\/td>\n<td><span style=\"font-weight: 400;\">Jueves 19 de enero a las 17:00h<br \/>\n(425 plazas)<\/span><\/td>\n<td><span style=\"font-weight: 400;\">Viernes 20 de enero a las 12.00h<br \/>\n(425 plazas)<\/span><\/td>\n<\/tr>\n<tr>\n<td><span style=\"color: #ff6600;\"><b>Marathon des Tucas<\/b><\/span><\/td>\n<td><span style=\"font-weight: 400;\">Lunes 23 de enero a las 17:00h<br \/>\n(550 plazas)<\/span><\/td>\n<td><span style=\"font-weight: 400;\">Martes 24 de enero a las 12.00h<br \/>\n<\/span>(550 plazas)<\/td>\n<\/tr>\n<tr>\n<td><span style=\"color: #ff6600;\"><b>Visite de Cerler Peak<\/b><\/span><\/td>\n<td><span style=\"font-weight: 400;\">Jueves 26 de enero a las 17:00h <\/span>(550 plazas)<\/td>\n<td><span style=\"font-weight: 400;\">Viernes 27 de enero a las 12.00h\u00a0 <\/span>(550 plazas)<\/td>\n<\/tr>\n<tr>\n<td><span style=\"color: #ff6600;\"><b>Vuelta al Molino de Cerler y KV Aneto-Posets<\/b><\/span><\/td>\n<td colspan=\"2\"><span style=\"font-weight: 400;\">Martes 31 de enero a las 17:00h (450 plazas para VMC y 150 plazas para el KV)<\/span><\/td>\n<\/tr>\n<\/tbody>\n<\/table>\n<p>&nbsp;<\/p>\n<p>&nbsp;<\/p>\n<p><b>Cuotas de inscripci\u00f3n para las distintas pruebas en 2023:<\/b><\/p>\n<table style=\"height: 230px;\" width=\"359\">\n<tbody>\n<tr>\n<td style=\"text-align: center;\"><span style=\"color: #ff6600;\"><b>Great Trail Aneto-Posets<\/b><\/span><\/td>\n<td style=\"text-align: center;\"><span style=\"font-weight: 400;\">125\u20ac<\/span><\/td>\n<\/tr>\n<tr>\n<td style=\"text-align: center;\"><span style=\"color: #ff6600;\"><b>Retour \u00e0 Aneto<\/b><\/span><\/td>\n<td style=\"text-align: center;\"><span style=\"font-weight: 400;\">90\u20ac<\/span><\/td>\n<\/tr>\n<tr>\n<td style=\"text-align: center;\"><span style=\"color: #ff6600;\"><b>Marathon des Tucas<\/b><\/span><\/td>\n<td style=\"text-align: center;\"><span style=\"font-weight: 400;\">70\u20ac<\/span><\/td>\n<\/tr>\n<tr>\n<td style=\"text-align: center;\"><span style=\"color: #ff6600;\"><b>Visite de Cerler Peak<\/b><\/span><\/td>\n<td style=\"text-align: center;\"><span style=\"font-weight: 400;\">45\u20ac<\/span><\/td>\n<\/tr>\n<tr>\n<td style=\"text-align: center;\"><span style=\"color: #ff6600;\"><b>Visite du moulin de Cerler<\/b><\/span><\/td>\n<td style=\"text-align: center;\"><span style=\"font-weight: 400;\">30\u20ac<\/span><\/td>\n<\/tr>\n<tr>\n<td style=\"text-align: center;\"><span style=\"color: #ff6600;\"><b>KV Aneto-Posets<\/b><\/span><\/td>\n<td style=\"text-align: center;\"><span style=\"font-weight: 400;\">25\u20ac<\/span><\/td>\n<\/tr>\n<\/tbody>\n<\/table>\n<p>&nbsp;<\/p>\n<ul>\n<li aria-level=\"1\"><span style=\"font-weight: 400;\">Los corredores federados deber\u00e1n hacernos llegar la <\/span><b>tarjeta federativa del a\u00f1o<\/b> <b>2023<\/b><span style=\"font-weight: 400;\"> que cubra la modalidad de carreras por monta\u00f1a en Espa\u00f1a. Tras el cierre de las inscripciones se habilitar\u00e1 un formulario para adjuntarla.<\/span><\/li>\n<li style=\"font-weight: 400;\" aria-level=\"1\"><span style=\"font-weight: 400;\">Este a\u00f1o tampoco habr\u00e1 requisitos para participar en el Gran Trail Aneto-Posets y en la Vuelta al Aneto. <\/span><b>No solicitaremos carreras acreditativas<\/b><span style=\"font-weight: 400;\"> pero recomendamos experiencia previa en alta monta\u00f1a y una buena preparaci\u00f3n f\u00edsica de cara a superar nuestras carreras m\u00e1s t\u00e9cnicas.<\/span><\/li>\n<li style=\"font-weight: 400;\" aria-level=\"1\"><span style=\"font-weight: 400;\">Tous les participants qui ne poss\u00e8dent pas de carte de f\u00e9d\u00e9ration couvrant la pratique du Mountain Racing \u00e0 <\/span><b>Espa\u00f1a por encima de 2000m <\/b><span style=\"font-weight: 400;\">(<\/span><b>Les licences autonomes qui ne couvrent pas l&#039;Aragon ne fonctionnent pas<\/b><span style=\"font-weight: 400;\">), deber\u00e1n pagar un suplemento de <\/span><b>6\u20ac<\/b><span style=\"font-weight: 400;\"> pour traiter une licence journali\u00e8re.<\/span><\/li>\n<li style=\"font-weight: 400;\" aria-level=\"1\"><span style=\"font-weight: 400;\">Pour vous d\u00e9sinscrire, il y aura un <\/span><b>formulaire de r\u00e9tractation<\/b><span style=\"font-weight: 400;\"> disponible au courtier sur le site de l&#039;\u00e9v\u00e9nement.<\/span><\/li>\n<li style=\"font-weight: 400;\" aria-level=\"1\"><b>Assurance annulation<\/b><span style=\"font-weight: 400;\"> Inscription: l&#039;organisation mettra \u00e0 la disposition des courtiers inscrits une assurance annulation d&#039;un co\u00fbt de <\/span><b>6 \u20ac <\/b><span style=\"font-weight: 400;\">ce qui permet de r\u00e9cup\u00e9rer 100 % de l&#039;inscription jusqu&#039;au <\/span><b>LUNES antes de la prueba.<\/b><span style=\"font-weight: 400;\"> Este seguro solamente se podr\u00e1 solicitar en el momento de formalizar la inscripci\u00f3n.<\/span><\/li>\n<\/ul>\n<p>&nbsp;<\/p>\n<p>&nbsp;<\/p>\n<ul>\n<li style=\"font-weight: 400;\" aria-level=\"1\"><span style=\"font-weight: 400;\">Pour les courtiers qui ne souscrivent pas \u00e0 l&#039;assurance annulation, une partie des frais d&#039;inscription sera rembours\u00e9e en fonction du tableau suivant:<\/span><\/li>\n<\/ul>\n<table>\n<tbody>\n<tr>\n<td>\n<p style=\"text-align: center;\"><b>Prueba<\/b><\/p>\n<\/td>\n<td style=\"text-align: center;\"><span style=\"color: #ff6600;\"><b>16\/01 a 31\/03<\/b><\/span><\/td>\n<td style=\"text-align: center;\"><span style=\"color: #ff6600;\"><b>01\/04 a 15\/05<\/b><\/span><\/td>\n<td style=\"text-align: center;\"><span style=\"color: #ff6600;\"><b>16\/05 a 15\/06<\/b><\/span><\/td>\n<\/tr>\n<tr>\n<td><span style=\"color: #ff6600;\"><b>Great Trail Aneto-Posets<\/b><\/span><\/td>\n<td>\n<p style=\"text-align: center;\"><span style=\"font-weight: 400;\">65\u20ac<\/span><\/p>\n<\/td>\n<td style=\"text-align: center;\"><span style=\"font-weight: 400;\">45\u20ac<\/span><\/td>\n<td>\n<p style=\"text-align: center;\"><span style=\"font-weight: 400;\">30\u20ac<\/span><\/p>\n<\/td>\n<\/tr>\n<tr>\n<td><span style=\"color: #ff6600;\"><b>Retour \u00e0 Aneto<\/b><\/span><\/td>\n<td>\n<p style=\"text-align: center;\"><span style=\"font-weight: 400;\">45\u20ac<\/span><\/p>\n<\/td>\n<td style=\"text-align: center;\"><span style=\"font-weight: 400;\">30\u20ac<\/span><\/td>\n<td>\n<p style=\"text-align: center;\"><span style=\"font-weight: 400;\">25\u20ac<\/span><\/p>\n<\/td>\n<\/tr>\n<tr>\n<td><span style=\"color: #ff6600;\"><b>Marathon des Tucas<\/b><\/span><\/td>\n<td>\n<p style=\"text-align: center;\"><span style=\"font-weight: 400;\">30\u20ac<\/span><\/p>\n<\/td>\n<td style=\"text-align: center;\"><span style=\"font-weight: 400;\">20\u20ac<\/span><\/td>\n<td>\n<p style=\"text-align: center;\"><span style=\"font-weight: 400;\">15\u20ac<\/span><\/p>\n<\/td>\n<\/tr>\n<tr>\n<td><span style=\"color: #ff6600;\"><b>Visite de Cerler Peak<\/b><\/span><\/td>\n<td>\n<p style=\"text-align: center;\"><span style=\"font-weight: 400;\">25\u20ac<\/span><\/p>\n<\/td>\n<td style=\"text-align: center;\"><span style=\"font-weight: 400;\">20\u20ac<\/span><\/td>\n<td>\n<p style=\"text-align: center;\"><span style=\"font-weight: 400;\">15\u20ac<\/span><\/p>\n<\/td>\n<\/tr>\n<tr>\n<td><span style=\"color: #ff6600;\"><b>Visite du moulin de Cerler<\/b><\/span><\/td>\n<td>\n<p style=\"text-align: center;\"><span style=\"font-weight: 400;\">20\u20ac<\/span><\/p>\n<\/td>\n<td style=\"text-align: center;\"><span style=\"font-weight: 400;\">15\u20ac<\/span><\/td>\n<td>\n<p style=\"text-align: center;\"><span style=\"font-weight: 400;\">10\u20ac<\/span><\/p>\n<\/td>\n<\/tr>\n<tr>\n<td style=\"text-align: center;\"><span style=\"color: #ff6600;\"><b>KV Aneto-Posets<\/b><\/span><\/td>\n<td style=\"text-align: center;\"><span style=\"font-weight: 400;\">15\u20ac<\/span><\/td>\n<td style=\"text-align: center;\"><span style=\"font-weight: 400;\">10\u20ac<\/span><\/td>\n<td>\n<p style=\"text-align: center;\"><span style=\"font-weight: 400;\">5\u20ac<\/span><\/p>\n<\/td>\n<\/tr>\n<\/tbody>\n<\/table>\n<p>&nbsp;<\/p>\n<ul>\n<li style=\"list-style-type: none;\">\n<ul>\n<li style=\"font-weight: 400;\" aria-level=\"1\"><span style=\"font-weight: 400;\">Une fois tous les lieux termin\u00e9s <\/span><b>aucun changement de carri\u00e8re ou de nom ne sera autoris\u00e9<\/b><span style=\"font-weight: 400;\"> dans les inscriptions. De m\u00eame <\/span><b>aucune liste d&#039;attente ne s&#039;ouvrira<\/b><span style=\"font-weight: 400;\"> dans l&#039;un des tests. Comme dans les \u00e9ditions pr\u00e9c\u00e9dentes, les inscriptions sont g\u00e9r\u00e9es avec <\/span><b>surr\u00e9servation<\/b><span style=\"font-weight: 400;\">c&#039;est-\u00e0-dire que nous admettons plus de coureurs que de places disponibles, afin d&#039;anticiper d&#039;\u00e9ventuelles annulations.<\/span><\/li>\n<li style=\"font-weight: 400;\" aria-level=\"1\"><span style=\"font-weight: 400;\">L&#039;organisation se r\u00e9serve en tout temps le <\/span><b>droit d&#039;admission<\/b><span style=\"font-weight: 400;\">, ceux qui tentent de participer avec le num\u00e9ro d&#039;une autre personne ne peuvent pas sortir. Si une personne le fait et est d\u00e9tect\u00e9e par l&#039;organisation pendant ou apr\u00e8s le test, elle sera automatiquement disqualifi\u00e9e et l&#039;organisation se r\u00e9serve le droit de ne pas la laisser participer aux \u00e9ditions ult\u00e9rieures de cet \u00e9v\u00e9nement.<\/span><\/li>\n<li style=\"font-weight: 400;\" aria-level=\"1\"><span style=\"font-weight: 400;\">L&#039;inscription pour la cat\u00e9gorie d&#039;\u00e9quipement (uniquement pour Grand Trail et Aneto Tour) s&#039;ouvrira, une fois la p\u00e9riode d&#039;inscription individuelle termin\u00e9e, en juillet, quelques jours avant le test.<\/span><\/li>\n<li style=\"font-weight: 400;\" aria-level=\"1\"><span style=\"font-weight: 400;\">Paiement uniquement avec <\/span><b>carte de cr\u00e9dit<\/b><span style=\"font-weight: 400;\">. Ceux qui ne peuvent pas payer par carte de cr\u00e9dit peuvent contacter l&#039;organisation via: <\/span><strong><a href=\"mailto:inscripciones@trail-aneto.com\">inscripciones@trail-aneto.com<\/a><\/strong><\/li>\n<\/ul>\n<\/li>\n<\/ul>\n\n\t\t<\/div>\n\t<\/div>\n<\/div><\/div><\/div><\/div><\/div><\/div>\n<\/section>","protected":false},"excerpt":{"rendered":"Calendario de apertura de inscripciones: 1er d\u00eda de inscripciones 2\u00ba d\u00eda de inscripciones Gran Trail Aneto-Posets\u00a0 Lunes 16 de enero a las 17:00h (175 plazas) Martes 17 de enero a las 12.00h (175 plazas) Vuelta al Aneto Jueves 19 de enero a las 17:00h (425...","protected":false},"author":1,"featured_media":0,"parent":0,"menu_order":0,"comment_status":"closed","ping_status":"closed","template":"full-width.php","meta":{"footnotes":""},"class_list":["post-8664","page","type-page","status-publish","hentry"],"yoast_head":"<!-- This site is optimized with the Yoast SEO plugin v27.4 - https:\/\/yoast.com\/product\/yoast-seo-wordpress\/ -->\n<title>Informaci\u00f3n sobre inscripciones GTTAP23 - GTTAP<\/title>\n<meta name=\"robots\" content=\"index, follow, max-snippet:-1, max-image-preview:large, max-video-preview:-1\" \/>\n<link rel=\"canonical\" href=\"https:\/\/trail-aneto.com\/fr\/info_inscripciones_gttap23\/\" \/>\n<meta property=\"og:locale\" content=\"fr_FR\" \/>\n<meta property=\"og:type\" content=\"article\" \/>\n<meta property=\"og:title\" content=\"Informaci\u00f3n sobre inscripciones GTTAP23 - GTTAP\" \/>\n<meta property=\"og:url\" content=\"https:\/\/trail-aneto.com\/fr\/info_inscripciones_gttap23\/\" \/>\n<meta property=\"og:site_name\" content=\"GTTAP\" \/>\n<meta property=\"article:publisher\" content=\"https:\/\/www.facebook.com\/GranTrailAnetoPosets\/\" \/>\n<meta property=\"article:modified_time\" content=\"2023-01-10T14:53:00+00:00\" \/>\n<meta name=\"twitter:card\" content=\"summary_large_image\" \/>\n<meta name=\"twitter:label1\" content=\"Dur\u00e9e de lecture estim\u00e9e\" \/>\n\t<meta name=\"twitter:data1\" content=\"3 minutes\" \/>\n<script type=\"application\/ld+json\" class=\"yoast-schema-graph\">{\"@context\":\"https:\\\/\\\/schema.org\",\"@graph\":[{\"@type\":\"WebPage\",\"@id\":\"https:\\\/\\\/trail-aneto.com\\\/info_inscripciones_gttap23\\\/\",\"url\":\"https:\\\/\\\/trail-aneto.com\\\/info_inscripciones_gttap23\\\/\",\"name\":\"Informaci\u00f3n sobre inscripciones GTTAP23 - GTTAP\",\"isPartOf\":{\"@id\":\"https:\\\/\\\/trail-aneto.com\\\/#website\"},\"datePublished\":\"2020-01-15T10:16:34+00:00\",\"dateModified\":\"2023-01-10T14:53:00+00:00\",\"breadcrumb\":{\"@id\":\"https:\\\/\\\/trail-aneto.com\\\/info_inscripciones_gttap23\\\/#breadcrumb\"},\"inLanguage\":\"fr-FR\",\"potentialAction\":[{\"@type\":\"ReadAction\",\"target\":[\"https:\\\/\\\/trail-aneto.com\\\/info_inscripciones_gttap23\\\/\"]}]},{\"@type\":\"BreadcrumbList\",\"@id\":\"https:\\\/\\\/trail-aneto.com\\\/info_inscripciones_gttap23\\\/#breadcrumb\",\"itemListElement\":[{\"@type\":\"ListItem\",\"position\":1,\"name\":\"Portada\",\"item\":\"https:\\\/\\\/trail-aneto.com\\\/\"},{\"@type\":\"ListItem\",\"position\":2,\"name\":\"Informaci\u00f3n sobre inscripciones GTTAP23\"}]},{\"@type\":\"WebSite\",\"@id\":\"https:\\\/\\\/trail-aneto.com\\\/#website\",\"url\":\"https:\\\/\\\/trail-aneto.com\\\/\",\"name\":\"GTTAP\",\"description\":\"Un Pirineo Extremo - Un Recorrido Infinito\",\"publisher\":{\"@id\":\"https:\\\/\\\/trail-aneto.com\\\/#organization\"},\"potentialAction\":[{\"@type\":\"SearchAction\",\"target\":{\"@type\":\"EntryPoint\",\"urlTemplate\":\"https:\\\/\\\/trail-aneto.com\\\/?s={search_term_string}\"},\"query-input\":{\"@type\":\"PropertyValueSpecification\",\"valueRequired\":true,\"valueName\":\"search_term_string\"}}],\"inLanguage\":\"fr-FR\"},{\"@type\":\"Organization\",\"@id\":\"https:\\\/\\\/trail-aneto.com\\\/#organization\",\"name\":\"Gran Trail Trangoworld Aneto-Posets\",\"url\":\"https:\\\/\\\/trail-aneto.com\\\/\",\"logo\":{\"@type\":\"ImageObject\",\"inLanguage\":\"fr-FR\",\"@id\":\"https:\\\/\\\/trail-aneto.com\\\/#\\\/schema\\\/logo\\\/image\\\/\",\"url\":\"https:\\\/\\\/trail-aneto.com\\\/wp-content\\\/uploads\\\/2020\\\/01\\\/GTTAP-logo.png\",\"contentUrl\":\"https:\\\/\\\/trail-aneto.com\\\/wp-content\\\/uploads\\\/2020\\\/01\\\/GTTAP-logo.png\",\"width\":253,\"height\":253,\"caption\":\"Gran Trail Trangoworld Aneto-Posets\"},\"image\":{\"@id\":\"https:\\\/\\\/trail-aneto.com\\\/#\\\/schema\\\/logo\\\/image\\\/\"},\"sameAs\":[\"https:\\\/\\\/www.facebook.com\\\/GranTrailAnetoPosets\\\/\",\"https:\\\/\\\/www.instagram.com\\\/grantrailaneto\\\/?hl=es\"]}]}<\/script>\n<!-- \/ Yoast SEO plugin. -->","yoast_head_json":{"title":"Informaci\u00f3n sobre inscripciones GTTAP23 - GTTAP","robots":{"index":"index","follow":"follow","max-snippet":"max-snippet:-1","max-image-preview":"max-image-preview:large","max-video-preview":"max-video-preview:-1"},"canonical":"https:\/\/trail-aneto.com\/fr\/info_inscripciones_gttap23\/","og_locale":"fr_FR","og_type":"article","og_title":"Informaci\u00f3n sobre inscripciones GTTAP23 - GTTAP","og_url":"https:\/\/trail-aneto.com\/fr\/info_inscripciones_gttap23\/","og_site_name":"GTTAP","article_publisher":"https:\/\/www.facebook.com\/GranTrailAnetoPosets\/","article_modified_time":"2023-01-10T14:53:00+00:00","twitter_card":"summary_large_image","twitter_misc":{"Dur\u00e9e de lecture estim\u00e9e":"3 minutes"},"schema":{"@context":"https:\/\/schema.org","@graph":[{"@type":"WebPage","@id":"https:\/\/trail-aneto.com\/info_inscripciones_gttap23\/","url":"https:\/\/trail-aneto.com\/info_inscripciones_gttap23\/","name":"Informaci\u00f3n sobre inscripciones GTTAP23 - GTTAP","isPartOf":{"@id":"https:\/\/trail-aneto.com\/#website"},"datePublished":"2020-01-15T10:16:34+00:00","dateModified":"2023-01-10T14:53:00+00:00","breadcrumb":{"@id":"https:\/\/trail-aneto.com\/info_inscripciones_gttap23\/#breadcrumb"},"inLanguage":"fr-FR","potentialAction":[{"@type":"ReadAction","target":["https:\/\/trail-aneto.com\/info_inscripciones_gttap23\/"]}]},{"@type":"BreadcrumbList","@id":"https:\/\/trail-aneto.com\/info_inscripciones_gttap23\/#breadcrumb","itemListElement":[{"@type":"ListItem","position":1,"name":"Portada","item":"https:\/\/trail-aneto.com\/"},{"@type":"ListItem","position":2,"name":"Informaci\u00f3n sobre inscripciones GTTAP23"}]},{"@type":"WebSite","@id":"https:\/\/trail-aneto.com\/#website","url":"https:\/\/trail-aneto.com\/","name":"GTTAP","description":"An Extreme Pyrenees - An Infinite Tour","publisher":{"@id":"https:\/\/trail-aneto.com\/#organization"},"potentialAction":[{"@type":"SearchAction","target":{"@type":"EntryPoint","urlTemplate":"https:\/\/trail-aneto.com\/?s={search_term_string}"},"query-input":{"@type":"PropertyValueSpecification","valueRequired":true,"valueName":"search_term_string"}}],"inLanguage":"fr-FR"},{"@type":"Organization","@id":"https:\/\/trail-aneto.com\/#organization","name":"Grand sentier Aneto-Posets de Trangoworld","url":"https:\/\/trail-aneto.com\/","logo":{"@type":"ImageObject","inLanguage":"fr-FR","@id":"https:\/\/trail-aneto.com\/#\/schema\/logo\/image\/","url":"https:\/\/trail-aneto.com\/wp-content\/uploads\/2020\/01\/GTTAP-logo.png","contentUrl":"https:\/\/trail-aneto.com\/wp-content\/uploads\/2020\/01\/GTTAP-logo.png","width":253,"height":253,"caption":"Gran Trail Trangoworld Aneto-Posets"},"image":{"@id":"https:\/\/trail-aneto.com\/#\/schema\/logo\/image\/"},"sameAs":["https:\/\/www.facebook.com\/GranTrailAnetoPosets\/","https:\/\/www.instagram.com\/grantrailaneto\/?hl=es"]}]}},"_links":{"self":[{"href":"https:\/\/trail-aneto.com\/fr\/wp-json\/wp\/v2\/pages\/8664","targetHints":{"allow":["GET"]}}],"collection":[{"href":"https:\/\/trail-aneto.com\/fr\/wp-json\/wp\/v2\/pages"}],"about":[{"href":"https:\/\/trail-aneto.com\/fr\/wp-json\/wp\/v2\/types\/page"}],"author":[{"embeddable":true,"href":"https:\/\/trail-aneto.com\/fr\/wp-json\/wp\/v2\/users\/1"}],"replies":[{"embeddable":true,"href":"https:\/\/trail-aneto.com\/fr\/wp-json\/wp\/v2\/comments?post=8664"}],"version-history":[{"count":27,"href":"https:\/\/trail-aneto.com\/fr\/wp-json\/wp\/v2\/pages\/8664\/revisions"}],"predecessor-version":[{"id":10040,"href":"https:\/\/trail-aneto.com\/fr\/wp-json\/wp\/v2\/pages\/8664\/revisions\/10040"}],"wp:attachment":[{"href":"https:\/\/trail-aneto.com\/fr\/wp-json\/wp\/v2\/media?parent=8664"}],"curies":[{"name":"wp","href":"https:\/\/api.w.org\/{rel}","templated":true}]}}